{"id":8960,"date":"2022-03-24T17:28:06","date_gmt":"2022-03-24T17:28:06","guid":{"rendered":"https:\/\/bodymindbalance.ro\/?post_type=tribe_events&#038;p=8960"},"modified":"2022-05-23T18:02:44","modified_gmt":"2022-05-23T18:02:44","slug":"retreat-de-yoga-la-plaiul-foii","status":"publish","type":"tribe_events","link":"https:\/\/bodymindbalance.ro\/index.php\/event\/retreat-de-yoga-la-plaiul-foii\/","title":{"rendered":"Retreat de Yoga la Plaiul Foii"},"content":{"rendered":"<style type=\"text\/css\"><\/style><h2>Retreat de Yoga la Plaiul Foii<\/h2>\n<p>Eveniment cu specific de <a title=\"Clase \/ Cursuri Yoga Bucuresti\" href=\"https:\/\/bodymindbalance.ro\/index.php\/clase\/clase-yoga\/\">Yoga<\/a> organizat de <i>Bodymind Balance<\/i> la Plaiul Foii.<\/p>\n<p>Te g\u00e2nde\u0219ti s\u0103-\u021bi oferi un weekend diferit \u00een mijlocul naturii? Ai ajuns \u00een locul potrivit!<\/p>\n<p align=\"justify\">Locatia urm\u0103torului retreat de yoga si dans este la Plaiul Foii, in coltul de rai \u00een care ne reg\u0103sim mereu, fie ca facem practica, dansam, ne plimbam, ne odihnim sau pur \u0219i simplu savuram o cafea \u0219i privim cerul. Ne \u00eentoarcem cu bucurie \u00een suflet \u0219i entuziasm de fiecare data.<\/p>\n<p align=\"justify\">Te invit s\u0103 petrecem \u00eempreun\u0103 un sf\u00e2r\u0219it de s\u0103pt\u0103m\u00e2n\u0103 relaxant, departe de zgomotul \u0219i agita\u021bia ora\u0219ului precum \u0219i al g\u00e2ndurilor cotidiene \u00een perioada 10-12 iunie! Ne vom bucura corpul, mintea \u0219i sufletul cu exerci\u021bii de Yoga, medita\u021bie, respiratie si un peisaj minunat.<\/p>\n<p align=\"justify\">Unitatea de cazare cu care vom colabora \u00een acest weekend este Cabana Dianthus, situat\u0103 \u00een apropiere de Parcului National Piatra Craiului presarat cu paduri de brazi, stanci, varfuri de peste 2200 de metri, ursi, cerbi, vulpi si lupi. Natura ne ajuta sa acumulam energie din tezaurul ei si ne bucura prin aerul puternic ionizat ce este foarte benefic pentru organism. Pe durata weekendului gazdele ne vor preg\u0103ti din produse ce provin, pe c\u00e2t posibil, de la produc\u0103torii locali un meniu ovo-lacto-vegetarian special.<\/p>\n<p>Ce vom face?<\/p>\n<p align=\"justify\">Pornim ziua de diminea\u021b\u0103 cu tehnici de respiratie si meditatie iar seara practica de diferite posturi corporale (asane) specifice de <a title=\"Clase \/ Cursuri Yoga Bucuresti\" href=\"https:\/\/bodymindbalance.ro\/index.php\/clase\/clase-yoga\/\">Yoga<\/a> prin care ne vom (re)conecta cu corpul, propriile sim\u021buri \u0219i natura ce ne \u00eenconjoar\u0103. De asemenea ne dezvolt\u0103m tonusul muscular, for\u021ba interioar\u0103, sporim elasticitatea coloanei vertebrale, echilibrul fizic emo\u021bional \u0219i mental.<\/p>\n<p align=\"justify\">Descoper\u0103 programul detaliat al taberei:<\/p>\n<p align=\"justify\"><strong><em>in curand<\/em><\/strong><\/p>\n<p align=\"justify\">Transportul \u00eel vom face cu ma\u0219inile personale, ne vom grupa \u0219i vom \u00eemp\u0103r\u021bi costul combustibilului.<\/p>\n<p align=\"justify\">Pentru \u00eenscrieri te rog s\u0103 completezi formularul de pe pagina de <a href=\"https:\/\/bodymindbalance.ro\/index.php\/contact\/\">Contact<\/a> pentru a-\u021bi oferi toate detaliile legate de plecare, \u00eemp\u0103r\u021bire pe ma\u0219ini, \u00een camere \u0219i dona\u021bia pentru acest retreat. Participarea se face pe baza \u00eenscrierii iar confirmarea se face prin dona\u021bia de avans.<\/p>\n<p><b>Te a\u0219tept\u0103m, cu drag!<\/b><\/p>\n<p><b>Aten\u021bie, locurile sunt limitate.<br \/>\n<\/b><\/p>\n<p><strong>Locuri libere:<\/strong> 10<\/p>\n","protected":false},"excerpt":{"rendered":"<p>Retreat de Yoga la Plaiul Foii Eveniment cu specific de Yoga organizat de Bodymind Balance la Plaiul Foii. Te g\u00e2nde\u0219ti s\u0103-\u021bi oferi un weekend diferit \u00een mijlocul naturii? Ai ajuns&#8230;<\/p>\n","protected":false},"author":2,"featured_media":8959,"template":"","meta":{"_tribe_events_status":"","_tribe_events_status_reason":"","footnotes":""},"tags":[22,21,20,30,6,11,13,12,7,8,14,9,29,28,10,16,15,17],"tribe_events_cat":[74,27,26],"class_list":["post-8960","tribe_events","type-tribe_events","status-publish","has-post-thumbnail","hentry","tag-balance","tag-bodymind","tag-bodymind-balance","tag-busteni","tag-clase-yoga","tag-clase-yoga-bucuresti","tag-cursuri-de-yoga-bucuresti","tag-cursuri-de-yoga-in-bucuresti","tag-cursuri-yoga","tag-cursuri-yoga-bucuresti","tag-hatha-yoga","tag-hatha-yoga-bucuresti","tag-retreat","tag-retreat-yoga","tag-yin-yoga","tag-yin-yoga-bucuresti","tag-yoga","tag-yoga-bucuresti","tribe_events_cat-clase-pilates","tribe_events_cat-clase-yoga","tribe_events_cat-retreat-yoga","cat_clase-pilates","cat_clase-yoga","cat_retreat-yoga"],"yoast_head":"<!-- This site is optimized with the Yoast SEO plugin v26.6 - https:\/\/yoast.com\/wordpress\/plugins\/seo\/ -->\n<title>Retreat de Yoga la Plaiul Foii - Bodymind Balance<\/title>\n<meta name=\"robots\" content=\"index, follow, max-snippet:-1, max-image-preview:large, max-video-preview:-1\" \/>\n<link rel=\"canonical\" href=\"https:\/\/bodymindbalance.ro\/index.php\/event\/retreat-de-yoga-la-plaiul-foii\/\" \/>\n<meta property=\"og:locale\" content=\"en_US\" \/>\n<meta property=\"og:type\" content=\"article\" \/>\n<meta property=\"og:title\" content=\"Retreat de Yoga la Plaiul Foii - Bodymind Balance\" \/>\n<meta property=\"og:description\" content=\"Retreat de Yoga la Plaiul Foii Eveniment cu specific de Yoga organizat de Bodymind Balance la Plaiul Foii. Te g\u00e2nde\u0219ti s\u0103-\u021bi oferi un weekend diferit \u00een mijlocul naturii? Ai ajuns...\" \/>\n<meta property=\"og:url\" content=\"https:\/\/bodymindbalance.ro\/index.php\/event\/retreat-de-yoga-la-plaiul-foii\/\" \/>\n<meta property=\"og:site_name\" content=\"Bodymind Balance\" \/>\n<meta property=\"article:modified_time\" content=\"2022-05-23T18:02:44+00:00\" \/>\n<meta property=\"og:image\" content=\"https:\/\/bodymindbalance.ro\/wp-content\/uploads\/2022\/03\/retreat_yoga_plaiul_foii_003.jpg\" \/>\n\t<meta property=\"og:image:width\" content=\"1200\" \/>\n\t<meta property=\"og:image:height\" content=\"628\" \/>\n\t<meta property=\"og:image:type\" content=\"image\/jpeg\" \/>\n<meta name=\"twitter:card\" content=\"summary_large_image\" \/>\n<meta name=\"twitter:label1\" content=\"Est. reading time\" \/>\n\t<meta name=\"twitter:data1\" content=\"2 minutes\" \/>\n<script type=\"application\/ld+json\" class=\"yoast-schema-graph\">{\"@context\":\"https:\/\/schema.org\",\"@graph\":[{\"@type\":\"WebPage\",\"@id\":\"https:\/\/bodymindbalance.ro\/index.php\/event\/retreat-de-yoga-la-plaiul-foii\/\",\"url\":\"https:\/\/bodymindbalance.ro\/index.php\/event\/retreat-de-yoga-la-plaiul-foii\/\",\"name\":\"Retreat de Yoga la Plaiul Foii - Bodymind Balance\",\"isPartOf\":{\"@id\":\"https:\/\/bodymindbalance.ro\/#website\"},\"primaryImageOfPage\":{\"@id\":\"https:\/\/bodymindbalance.ro\/index.php\/event\/retreat-de-yoga-la-plaiul-foii\/#primaryimage\"},\"image\":{\"@id\":\"https:\/\/bodymindbalance.ro\/index.php\/event\/retreat-de-yoga-la-plaiul-foii\/#primaryimage\"},\"thumbnailUrl\":\"https:\/\/bodymindbalance.ro\/wp-content\/uploads\/2022\/03\/retreat_yoga_plaiul_foii_003.jpg\",\"datePublished\":\"2022-03-24T17:28:06+00:00\",\"dateModified\":\"2022-05-23T18:02:44+00:00\",\"breadcrumb\":{\"@id\":\"https:\/\/bodymindbalance.ro\/index.php\/event\/retreat-de-yoga-la-plaiul-foii\/#breadcrumb\"},\"inLanguage\":\"en-US\",\"potentialAction\":[{\"@type\":\"ReadAction\",\"target\":[\"https:\/\/bodymindbalance.ro\/index.php\/event\/retreat-de-yoga-la-plaiul-foii\/\"]}]},{\"@type\":\"ImageObject\",\"inLanguage\":\"en-US\",\"@id\":\"https:\/\/bodymindbalance.ro\/index.php\/event\/retreat-de-yoga-la-plaiul-foii\/#primaryimage\",\"url\":\"https:\/\/bodymindbalance.ro\/wp-content\/uploads\/2022\/03\/retreat_yoga_plaiul_foii_003.jpg\",\"contentUrl\":\"https:\/\/bodymindbalance.ro\/wp-content\/uploads\/2022\/03\/retreat_yoga_plaiul_foii_003.jpg\",\"width\":1200,\"height\":628,\"caption\":\"Retreat de Yoga Plaiul Foii\"},{\"@type\":\"BreadcrumbList\",\"@id\":\"https:\/\/bodymindbalance.ro\/index.php\/event\/retreat-de-yoga-la-plaiul-foii\/#breadcrumb\",\"itemListElement\":[{\"@type\":\"ListItem\",\"position\":1,\"name\":\"Home\",\"item\":\"https:\/\/bodymindbalance.ro\/\"},{\"@type\":\"ListItem\",\"position\":2,\"name\":\"Events\",\"item\":\"https:\/\/bodymindbalance.ro\/index.php\/events\/\"},{\"@type\":\"ListItem\",\"position\":3,\"name\":\"Retreat de Yoga la Plaiul Foii\"}]},{\"@type\":\"WebSite\",\"@id\":\"https:\/\/bodymindbalance.ro\/#website\",\"url\":\"https:\/\/bodymindbalance.ro\/\",\"name\":\"Bodymind Balance\",\"description\":\"Clase de Yoga, Pilates, BodyART | Masaj Shiatsu, Healing in Bucuresti\",\"potentialAction\":[{\"@type\":\"SearchAction\",\"target\":{\"@type\":\"EntryPoint\",\"urlTemplate\":\"https:\/\/bodymindbalance.ro\/?s={search_term_string}\"},\"query-input\":{\"@type\":\"PropertyValueSpecification\",\"valueRequired\":true,\"valueName\":\"search_term_string\"}}],\"inLanguage\":\"en-US\"}]}<\/script>\n<!-- \/ Yoast SEO plugin. -->","yoast_head_json":{"title":"Retreat de Yoga la Plaiul Foii - Bodymind Balance","robots":{"index":"index","follow":"follow","max-snippet":"max-snippet:-1","max-image-preview":"max-image-preview:large","max-video-preview":"max-video-preview:-1"},"canonical":"https:\/\/bodymindbalance.ro\/index.php\/event\/retreat-de-yoga-la-plaiul-foii\/","og_locale":"en_US","og_type":"article","og_title":"Retreat de Yoga la Plaiul Foii - Bodymind Balance","og_description":"Retreat de Yoga la Plaiul Foii Eveniment cu specific de Yoga organizat de Bodymind Balance la Plaiul Foii. Te g\u00e2nde\u0219ti s\u0103-\u021bi oferi un weekend diferit \u00een mijlocul naturii? Ai ajuns...","og_url":"https:\/\/bodymindbalance.ro\/index.php\/event\/retreat-de-yoga-la-plaiul-foii\/","og_site_name":"Bodymind Balance","article_modified_time":"2022-05-23T18:02:44+00:00","og_image":[{"width":1200,"height":628,"url":"https:\/\/bodymindbalance.ro\/wp-content\/uploads\/2022\/03\/retreat_yoga_plaiul_foii_003.jpg","type":"image\/jpeg"}],"twitter_card":"summary_large_image","twitter_misc":{"Est. reading time":"2 minutes"},"schema":{"@context":"https:\/\/schema.org","@graph":[{"@type":"WebPage","@id":"https:\/\/bodymindbalance.ro\/index.php\/event\/retreat-de-yoga-la-plaiul-foii\/","url":"https:\/\/bodymindbalance.ro\/index.php\/event\/retreat-de-yoga-la-plaiul-foii\/","name":"Retreat de Yoga la Plaiul Foii - Bodymind Balance","isPartOf":{"@id":"https:\/\/bodymindbalance.ro\/#website"},"primaryImageOfPage":{"@id":"https:\/\/bodymindbalance.ro\/index.php\/event\/retreat-de-yoga-la-plaiul-foii\/#primaryimage"},"image":{"@id":"https:\/\/bodymindbalance.ro\/index.php\/event\/retreat-de-yoga-la-plaiul-foii\/#primaryimage"},"thumbnailUrl":"https:\/\/bodymindbalance.ro\/wp-content\/uploads\/2022\/03\/retreat_yoga_plaiul_foii_003.jpg","datePublished":"2022-03-24T17:28:06+00:00","dateModified":"2022-05-23T18:02:44+00:00","breadcrumb":{"@id":"https:\/\/bodymindbalance.ro\/index.php\/event\/retreat-de-yoga-la-plaiul-foii\/#breadcrumb"},"inLanguage":"en-US","potentialAction":[{"@type":"ReadAction","target":["https:\/\/bodymindbalance.ro\/index.php\/event\/retreat-de-yoga-la-plaiul-foii\/"]}]},{"@type":"ImageObject","inLanguage":"en-US","@id":"https:\/\/bodymindbalance.ro\/index.php\/event\/retreat-de-yoga-la-plaiul-foii\/#primaryimage","url":"https:\/\/bodymindbalance.ro\/wp-content\/uploads\/2022\/03\/retreat_yoga_plaiul_foii_003.jpg","contentUrl":"https:\/\/bodymindbalance.ro\/wp-content\/uploads\/2022\/03\/retreat_yoga_plaiul_foii_003.jpg","width":1200,"height":628,"caption":"Retreat de Yoga Plaiul Foii"},{"@type":"BreadcrumbList","@id":"https:\/\/bodymindbalance.ro\/index.php\/event\/retreat-de-yoga-la-plaiul-foii\/#breadcrumb","itemListElement":[{"@type":"ListItem","position":1,"name":"Home","item":"https:\/\/bodymindbalance.ro\/"},{"@type":"ListItem","position":2,"name":"Events","item":"https:\/\/bodymindbalance.ro\/index.php\/events\/"},{"@type":"ListItem","position":3,"name":"Retreat de Yoga la Plaiul Foii"}]},{"@type":"WebSite","@id":"https:\/\/bodymindbalance.ro\/#website","url":"https:\/\/bodymindbalance.ro\/","name":"Bodymind Balance","description":"Clase de Yoga, Pilates, BodyART | Masaj Shiatsu, Healing in Bucuresti","potentialAction":[{"@type":"SearchAction","target":{"@type":"EntryPoint","urlTemplate":"https:\/\/bodymindbalance.ro\/?s={search_term_string}"},"query-input":{"@type":"PropertyValueSpecification","valueRequired":true,"valueName":"search_term_string"}}],"inLanguage":"en-US"}]}},"_links":{"self":[{"href":"https:\/\/bodymindbalance.ro\/index.php\/wp-json\/wp\/v2\/tribe_events\/8960","targetHints":{"allow":["GET"]}}],"collection":[{"href":"https:\/\/bodymindbalance.ro\/index.php\/wp-json\/wp\/v2\/tribe_events"}],"about":[{"href":"https:\/\/bodymindbalance.ro\/index.php\/wp-json\/wp\/v2\/types\/tribe_events"}],"author":[{"embeddable":true,"href":"https:\/\/bodymindbalance.ro\/index.php\/wp-json\/wp\/v2\/users\/2"}],"version-history":[{"count":5,"href":"https:\/\/bodymindbalance.ro\/index.php\/wp-json\/wp\/v2\/tribe_events\/8960\/revisions"}],"predecessor-version":[{"id":8966,"href":"https:\/\/bodymindbalance.ro\/index.php\/wp-json\/wp\/v2\/tribe_events\/8960\/revisions\/8966"}],"wp:featuredmedia":[{"embeddable":true,"href":"https:\/\/bodymindbalance.ro\/index.php\/wp-json\/wp\/v2\/media\/8959"}],"wp:attachment":[{"href":"https:\/\/bodymindbalance.ro\/index.php\/wp-json\/wp\/v2\/media?parent=8960"}],"wp:term":[{"taxonomy":"post_tag","embeddable":true,"href":"https:\/\/bodymindbalance.ro\/index.php\/wp-json\/wp\/v2\/tags?post=8960"},{"taxonomy":"tribe_events_cat","embeddable":true,"href":"https:\/\/bodymindbalance.ro\/index.php\/wp-json\/wp\/v2\/tribe_events_cat?post=8960"}],"curies":[{"name":"wp","href":"https:\/\/api.w.org\/{rel}","templated":true}]}}