{"id":561,"date":"2020-05-26T13:34:51","date_gmt":"2020-05-26T13:34:51","guid":{"rendered":"http:\/\/bodymindbalance.ro\/?post_type=tribe_events&#038;p=561"},"modified":"2020-06-02T14:51:08","modified_gmt":"2020-06-02T14:51:08","slug":"retreat-de-yoga-in-busteni","status":"publish","type":"tribe_events","link":"https:\/\/bodymindbalance.ro\/index.php\/event\/retreat-de-yoga-in-busteni\/","title":{"rendered":"Retreat de Yoga \u00een Bu\u0219teni"},"content":{"rendered":"<style type=\"text\/css\"><\/style><h2>Retreat de Yoga \u00een Bu\u0219teni<\/h2>\n<p>Eveniment cu specific de <a title=\"Clase \/ Cursuri Yoga Bucuresti\" href=\"https:\/\/bodymindbalance.ro\/index.php\/clase\/clase-yoga\/\">Yoga<\/a> organizat de <i>Bodymind Balance<\/i> \u00een Bu\u0219teni.<\/p>\n<p>Te g\u00e2nde\u0219ti s\u0103-\u021bi acorzi un weekend deosebit? Ai ajuns \u00een locul potrivit!<\/p>\n<p align=\"justify\">Te invit s\u0103 petrecem \u00eempreun\u0103 un sf\u00e2r\u0219it de s\u0103pt\u0103m\u00e2n\u0103 relaxant, departe de zgomotul \u0219i agita\u021bia ora\u0219ului precum \u0219i al g\u00e2ndurilor cotidiene \u00een perioada 10-12 iulie 2020! Ne vom bucura corpul, mintea \u0219i sufletul cu exerci\u021bii de Yoga, un pesiaj minunat, lini\u0219te \u0219i armonie.<\/p>\n<p align=\"justify\">Unitatea de cazare cu care vom colabora \u00een acest retreat este Vila Tango ce este situat\u0103 \u00een apropiere de Castelul Cantacuzino. Vila are o poveste aparte, pres\u0103rat\u0103 cu iubire de dans, dezvoltare motric\u0103 \u0219i corporal\u0103, pe care o vom descoperi \u00een interiorul ei, pas cu pas. Terasa casei ne ofer\u0103 o vedere c\u0103tre masivul Caraiman \u0219i bucuria de a respira aerul puternic oxigenat ce este foarte benefic pentru organism. Pe durata weekendului gazdele ne vor preg\u0103ti din produse ce provin, pe c\u00e2t posibil, de la produc\u0103torii locali un meniu ovo-lacto-vegetarian special.<\/p>\n<p>Ce vom face?<\/p>\n<p align=\"justify\">Pornim ziua de diminea\u021b\u0103 cu diferite tehnici de respira\u021bie (Pranayama), con\u0219tientizare \u0219i medita\u021bie apoi avem practica de diferite posturi corporale (asane) specifice de <a title=\"Clase \/ Cursuri Yoga Bucuresti\" href=\"https:\/\/bodymindbalance.ro\/index.php\/clase\/clase-yoga\/\">Yoga<\/a> prin care ne vom (re)conecta cu corpul, propriile sim\u021buri \u0219i natura ce ne \u00eenconjoar\u0103. De asemenea ne dezvolt\u0103m tonusul muscular, for\u021ba interioar\u0103, sporim elasticitatea coloanei vertebrale, echilibrul fizic emo\u021bional \u0219i mental. Pe l\u00e2ng\u0103 cele amintite mai sus te vei bucura \u0219i de o sesiune individual\u0103 de masaj Shiatsu sau tratament Reiki.<br \/>\nTe invit s\u0103 vezi mai jos programul detaliat al taberei.<\/p>\n<p><b>Programul detaliat al taberei:<\/b><br \/>\n<b>Vineri:<\/b><br \/>\n16:00 \u2013 18:00 \u2013 Recep\u021bie, cazare \u0219i networking;<br \/>\n19:30 \u2013 20:30 \u2013 Cina;<br \/>\n21:00 \u2013 22:00 \u2013 Yin Yoga.<br \/>\n<b>S\u00e2mb\u0103t\u0103:<\/b><br \/>\n08:00 \u2013 08:30 \u2013 Pranayama;<br \/>\n08:30 \u2013 09:45 \u2013 Hatha Flow \u2013 Echilibru \u0219i for\u021b\u0103 interioar\u0103;<br \/>\n10:00 \u2013 11:00 \u2013 Micul dejun;<br \/>\n14:30 \u2013 15:30 \u2013 Pr\u00e2nz;<br \/>\n19:30 \u2013 20:30 \u2013 Cina;<br \/>\n21:00 \u2013 22:00 \u2013 Nidra Yoga.<br \/>\n<b>Duminic\u0103:<\/b><br \/>\n08:00 \u2013 08:30 \u2013 Pranayama;<br \/>\n08:30 \u2013 09:45 \u2013 Hatha Flow \u2013 Reconectare \u0219i bucurie interioar\u0103;<br \/>\n10:00 \u2013 11:00 \u2013 Micul dejun;<br \/>\n14:30 \u2013 15:30 \u2013 Pr\u00e2nz;<br \/>\n15:30 \u2013 Vizitat atrac\u021bii locale \u0219i r\u0103mas bun.<\/p>\n<p>Transportul \u00eel vom face cu ma\u0219inile personale, ne vom grupa \u0219i vom \u00eemp\u0103r\u021bi costul combustibilului.<\/p>\n<p align=\"justify\">Pentru \u00eenscrieri te rog s\u0103 completezi formularul de pe pagina de Contact pentru a te putea contacta \u0219i a-\u021bi oferi toate detaliile legate de plecare, \u00eemp\u0103r\u021bire pe ma\u0219ini, \u00een camere \u0219i dona\u021bia minim\u0103 pentru acest retreat.<\/p>\n<p><b>Te a\u0219tept, cu drag!<\/b><\/p>\n<p><b>Aten\u021bie, locurile sunt limitate.<br \/>\n<\/b><\/p>\n","protected":false},"excerpt":{"rendered":"<p>Retreat de Yoga \u00een Bu\u0219teni Eveniment cu specific de Yoga organizat de Bodymind Balance \u00een Bu\u0219teni. Te g\u00e2nde\u0219ti s\u0103-\u021bi acorzi un weekend deosebit? Ai ajuns \u00een locul potrivit! Te invit&#8230;<\/p>\n","protected":false},"author":2,"featured_media":609,"template":"","meta":{"_tribe_events_status":"","_tribe_events_status_reason":"","footnotes":""},"tags":[22,21,20,30,6,11,13,12,7,8,14,9,29,28,10,16,15,17],"tribe_events_cat":[27,26],"class_list":["post-561","tribe_events","type-tribe_events","status-publish","has-post-thumbnail","hentry","tag-balance","tag-bodymind","tag-bodymind-balance","tag-busteni","tag-clase-yoga","tag-clase-yoga-bucuresti","tag-cursuri-de-yoga-bucuresti","tag-cursuri-de-yoga-in-bucuresti","tag-cursuri-yoga","tag-cursuri-yoga-bucuresti","tag-hatha-yoga","tag-hatha-yoga-bucuresti","tag-retreat","tag-retreat-yoga","tag-yin-yoga","tag-yin-yoga-bucuresti","tag-yoga","tag-yoga-bucuresti","tribe_events_cat-clase-yoga","tribe_events_cat-retreat-yoga","cat_clase-yoga","cat_retreat-yoga"],"yoast_head":"<!-- This site is optimized with the Yoast SEO plugin v26.6 - https:\/\/yoast.com\/wordpress\/plugins\/seo\/ -->\n<title>Retreat de Yoga \u00een Bu\u0219teni - Bodymind Balance<\/title>\n<meta name=\"robots\" content=\"index, follow, max-snippet:-1, max-image-preview:large, max-video-preview:-1\" \/>\n<link rel=\"canonical\" href=\"https:\/\/bodymindbalance.ro\/index.php\/event\/retreat-de-yoga-in-busteni\/\" \/>\n<meta property=\"og:locale\" content=\"en_US\" \/>\n<meta property=\"og:type\" content=\"article\" \/>\n<meta property=\"og:title\" content=\"Retreat de Yoga \u00een Bu\u0219teni - Bodymind Balance\" \/>\n<meta property=\"og:description\" content=\"Retreat de Yoga \u00een Bu\u0219teni Eveniment cu specific de Yoga organizat de Bodymind Balance \u00een Bu\u0219teni. Te g\u00e2nde\u0219ti s\u0103-\u021bi acorzi un weekend deosebit? Ai ajuns \u00een locul potrivit! Te invit...\" \/>\n<meta property=\"og:url\" content=\"https:\/\/bodymindbalance.ro\/index.php\/event\/retreat-de-yoga-in-busteni\/\" \/>\n<meta property=\"og:site_name\" content=\"Bodymind Balance\" \/>\n<meta property=\"article:modified_time\" content=\"2020-06-02T14:51:08+00:00\" \/>\n<meta property=\"og:image\" content=\"https:\/\/bodymindbalance.ro\/wp-content\/uploads\/2020\/05\/bodymindbalance_retreat_yoga_busteni003.jpg\" \/>\n\t<meta property=\"og:image:width\" content=\"1200\" \/>\n\t<meta property=\"og:image:height\" content=\"628\" \/>\n\t<meta property=\"og:image:type\" content=\"image\/jpeg\" \/>\n<meta name=\"twitter:card\" content=\"summary_large_image\" \/>\n<meta name=\"twitter:label1\" content=\"Est. reading time\" \/>\n\t<meta name=\"twitter:data1\" content=\"2 minutes\" \/>\n<script type=\"application\/ld+json\" class=\"yoast-schema-graph\">{\"@context\":\"https:\/\/schema.org\",\"@graph\":[{\"@type\":\"WebPage\",\"@id\":\"https:\/\/bodymindbalance.ro\/index.php\/event\/retreat-de-yoga-in-busteni\/\",\"url\":\"https:\/\/bodymindbalance.ro\/index.php\/event\/retreat-de-yoga-in-busteni\/\",\"name\":\"Retreat de Yoga \u00een Bu\u0219teni - Bodymind Balance\",\"isPartOf\":{\"@id\":\"https:\/\/bodymindbalance.ro\/#website\"},\"primaryImageOfPage\":{\"@id\":\"https:\/\/bodymindbalance.ro\/index.php\/event\/retreat-de-yoga-in-busteni\/#primaryimage\"},\"image\":{\"@id\":\"https:\/\/bodymindbalance.ro\/index.php\/event\/retreat-de-yoga-in-busteni\/#primaryimage\"},\"thumbnailUrl\":\"https:\/\/bodymindbalance.ro\/wp-content\/uploads\/2020\/05\/bodymindbalance_retreat_yoga_busteni003.jpg\",\"datePublished\":\"2020-05-26T13:34:51+00:00\",\"dateModified\":\"2020-06-02T14:51:08+00:00\",\"breadcrumb\":{\"@id\":\"https:\/\/bodymindbalance.ro\/index.php\/event\/retreat-de-yoga-in-busteni\/#breadcrumb\"},\"inLanguage\":\"en-US\",\"potentialAction\":[{\"@type\":\"ReadAction\",\"target\":[\"https:\/\/bodymindbalance.ro\/index.php\/event\/retreat-de-yoga-in-busteni\/\"]}]},{\"@type\":\"ImageObject\",\"inLanguage\":\"en-US\",\"@id\":\"https:\/\/bodymindbalance.ro\/index.php\/event\/retreat-de-yoga-in-busteni\/#primaryimage\",\"url\":\"https:\/\/bodymindbalance.ro\/wp-content\/uploads\/2020\/05\/bodymindbalance_retreat_yoga_busteni003.jpg\",\"contentUrl\":\"https:\/\/bodymindbalance.ro\/wp-content\/uploads\/2020\/05\/bodymindbalance_retreat_yoga_busteni003.jpg\",\"width\":1200,\"height\":628,\"caption\":\"Retreat de Yoga la Busteni - Bodymind Balance\"},{\"@type\":\"BreadcrumbList\",\"@id\":\"https:\/\/bodymindbalance.ro\/index.php\/event\/retreat-de-yoga-in-busteni\/#breadcrumb\",\"itemListElement\":[{\"@type\":\"ListItem\",\"position\":1,\"name\":\"Home\",\"item\":\"https:\/\/bodymindbalance.ro\/\"},{\"@type\":\"ListItem\",\"position\":2,\"name\":\"Events\",\"item\":\"https:\/\/bodymindbalance.ro\/index.php\/events\/\"},{\"@type\":\"ListItem\",\"position\":3,\"name\":\"Retreat de Yoga \u00een Bu\u0219teni\"}]},{\"@type\":\"WebSite\",\"@id\":\"https:\/\/bodymindbalance.ro\/#website\",\"url\":\"https:\/\/bodymindbalance.ro\/\",\"name\":\"Bodymind Balance\",\"description\":\"Clase de Yoga, Pilates, BodyART | Masaj Shiatsu, Healing in Bucuresti\",\"potentialAction\":[{\"@type\":\"SearchAction\",\"target\":{\"@type\":\"EntryPoint\",\"urlTemplate\":\"https:\/\/bodymindbalance.ro\/?s={search_term_string}\"},\"query-input\":{\"@type\":\"PropertyValueSpecification\",\"valueRequired\":true,\"valueName\":\"search_term_string\"}}],\"inLanguage\":\"en-US\"}]}<\/script>\n<!-- \/ Yoast SEO plugin. -->","yoast_head_json":{"title":"Retreat de Yoga \u00een Bu\u0219teni - Bodymind Balance","robots":{"index":"index","follow":"follow","max-snippet":"max-snippet:-1","max-image-preview":"max-image-preview:large","max-video-preview":"max-video-preview:-1"},"canonical":"https:\/\/bodymindbalance.ro\/index.php\/event\/retreat-de-yoga-in-busteni\/","og_locale":"en_US","og_type":"article","og_title":"Retreat de Yoga \u00een Bu\u0219teni - Bodymind Balance","og_description":"Retreat de Yoga \u00een Bu\u0219teni Eveniment cu specific de Yoga organizat de Bodymind Balance \u00een Bu\u0219teni. Te g\u00e2nde\u0219ti s\u0103-\u021bi acorzi un weekend deosebit? Ai ajuns \u00een locul potrivit! Te invit...","og_url":"https:\/\/bodymindbalance.ro\/index.php\/event\/retreat-de-yoga-in-busteni\/","og_site_name":"Bodymind Balance","article_modified_time":"2020-06-02T14:51:08+00:00","og_image":[{"width":1200,"height":628,"url":"https:\/\/bodymindbalance.ro\/wp-content\/uploads\/2020\/05\/bodymindbalance_retreat_yoga_busteni003.jpg","type":"image\/jpeg"}],"twitter_card":"summary_large_image","twitter_misc":{"Est. reading time":"2 minutes"},"schema":{"@context":"https:\/\/schema.org","@graph":[{"@type":"WebPage","@id":"https:\/\/bodymindbalance.ro\/index.php\/event\/retreat-de-yoga-in-busteni\/","url":"https:\/\/bodymindbalance.ro\/index.php\/event\/retreat-de-yoga-in-busteni\/","name":"Retreat de Yoga \u00een Bu\u0219teni - Bodymind Balance","isPartOf":{"@id":"https:\/\/bodymindbalance.ro\/#website"},"primaryImageOfPage":{"@id":"https:\/\/bodymindbalance.ro\/index.php\/event\/retreat-de-yoga-in-busteni\/#primaryimage"},"image":{"@id":"https:\/\/bodymindbalance.ro\/index.php\/event\/retreat-de-yoga-in-busteni\/#primaryimage"},"thumbnailUrl":"https:\/\/bodymindbalance.ro\/wp-content\/uploads\/2020\/05\/bodymindbalance_retreat_yoga_busteni003.jpg","datePublished":"2020-05-26T13:34:51+00:00","dateModified":"2020-06-02T14:51:08+00:00","breadcrumb":{"@id":"https:\/\/bodymindbalance.ro\/index.php\/event\/retreat-de-yoga-in-busteni\/#breadcrumb"},"inLanguage":"en-US","potentialAction":[{"@type":"ReadAction","target":["https:\/\/bodymindbalance.ro\/index.php\/event\/retreat-de-yoga-in-busteni\/"]}]},{"@type":"ImageObject","inLanguage":"en-US","@id":"https:\/\/bodymindbalance.ro\/index.php\/event\/retreat-de-yoga-in-busteni\/#primaryimage","url":"https:\/\/bodymindbalance.ro\/wp-content\/uploads\/2020\/05\/bodymindbalance_retreat_yoga_busteni003.jpg","contentUrl":"https:\/\/bodymindbalance.ro\/wp-content\/uploads\/2020\/05\/bodymindbalance_retreat_yoga_busteni003.jpg","width":1200,"height":628,"caption":"Retreat de Yoga la Busteni - Bodymind Balance"},{"@type":"BreadcrumbList","@id":"https:\/\/bodymindbalance.ro\/index.php\/event\/retreat-de-yoga-in-busteni\/#breadcrumb","itemListElement":[{"@type":"ListItem","position":1,"name":"Home","item":"https:\/\/bodymindbalance.ro\/"},{"@type":"ListItem","position":2,"name":"Events","item":"https:\/\/bodymindbalance.ro\/index.php\/events\/"},{"@type":"ListItem","position":3,"name":"Retreat de Yoga \u00een Bu\u0219teni"}]},{"@type":"WebSite","@id":"https:\/\/bodymindbalance.ro\/#website","url":"https:\/\/bodymindbalance.ro\/","name":"Bodymind Balance","description":"Clase de Yoga, Pilates, BodyART | Masaj Shiatsu, Healing in Bucuresti","potentialAction":[{"@type":"SearchAction","target":{"@type":"EntryPoint","urlTemplate":"https:\/\/bodymindbalance.ro\/?s={search_term_string}"},"query-input":{"@type":"PropertyValueSpecification","valueRequired":true,"valueName":"search_term_string"}}],"inLanguage":"en-US"}]}},"_links":{"self":[{"href":"https:\/\/bodymindbalance.ro\/index.php\/wp-json\/wp\/v2\/tribe_events\/561","targetHints":{"allow":["GET"]}}],"collection":[{"href":"https:\/\/bodymindbalance.ro\/index.php\/wp-json\/wp\/v2\/tribe_events"}],"about":[{"href":"https:\/\/bodymindbalance.ro\/index.php\/wp-json\/wp\/v2\/types\/tribe_events"}],"author":[{"embeddable":true,"href":"https:\/\/bodymindbalance.ro\/index.php\/wp-json\/wp\/v2\/users\/2"}],"version-history":[{"count":14,"href":"https:\/\/bodymindbalance.ro\/index.php\/wp-json\/wp\/v2\/tribe_events\/561\/revisions"}],"predecessor-version":[{"id":617,"href":"https:\/\/bodymindbalance.ro\/index.php\/wp-json\/wp\/v2\/tribe_events\/561\/revisions\/617"}],"wp:featuredmedia":[{"embeddable":true,"href":"https:\/\/bodymindbalance.ro\/index.php\/wp-json\/wp\/v2\/media\/609"}],"wp:attachment":[{"href":"https:\/\/bodymindbalance.ro\/index.php\/wp-json\/wp\/v2\/media?parent=561"}],"wp:term":[{"taxonomy":"post_tag","embeddable":true,"href":"https:\/\/bodymindbalance.ro\/index.php\/wp-json\/wp\/v2\/tags?post=561"},{"taxonomy":"tribe_events_cat","embeddable":true,"href":"https:\/\/bodymindbalance.ro\/index.php\/wp-json\/wp\/v2\/tribe_events_cat?post=561"}],"curies":[{"name":"wp","href":"https:\/\/api.w.org\/{rel}","templated":true}]}}